{"id":1338,"date":"2024-03-18T23:34:53","date_gmt":"2024-03-18T22:34:53","guid":{"rendered":"https:\/\/cdu-sha.de\/cdu-wallhausen\/?post_type=antrag&#038;p=1338"},"modified":"2024-03-18T23:34:53","modified_gmt":"2024-03-18T22:34:53","slug":"flaechendeckende-grundversorgung","status":"publish","type":"antrag","link":"https:\/\/cdu-sha.de\/cdu-wallhausen\/antrag\/flaechendeckende-grundversorgung\/","title":{"rendered":"Fl\u00e4chendeckende Grundversorgung"},"content":{"rendered":"\n<h2 class=\"wp-block-heading\"><strong>Antrag zum Leitantrag Kommunales: Einf\u00fcgen des folgenden Absatzes nach Zeile 141:<\/strong><\/h2>\n\n\n\n<p><strong>Wir stehen f\u00fcr fl\u00e4chendeckende Gesundheitsversorgung<\/strong><\/p>\n\n\n\n<p>Die CDU Baden-W\u00fcrttemberg setzt sich f\u00fcr eine vergleichbare und fl\u00e4chendeckende Gesundheitsversorgung in allen Landesteilen ein. Die \u00c4rztedichte, Apotheken, Krankenhausdichte pro 100.000 Einwohner variiert im Land stark, vor allem zwischen l\u00e4ndlich und st\u00e4dtisch gepr\u00e4gten Gebieten. Die \u00c4rztedichte lag laut KBV Gesundheitsdaten im Jahr 2022 im Enzkreis bei 117 und in Freiburg bei 415 pro 100.000 Einwohner. Auf eine \u00f6ffentliche Apotheke kamen in Biberach und Schw\u00e4bisch Hall durchschnittlich rund 6000 Einwohner, in Baden-Baden weniger als 3000. Gerade l\u00e4ndliche Gebiete sind in Baden-W\u00fcrttemberg schw\u00e4cher versorgt und k\u00e4mpfen mit vielerlei Problemen. Arztpraxen k\u00f6nnen oft nicht wieder besetzt werden, Apotheken schlie\u00dfen. Gerade f\u00fcr \u00e4ltere und weniger mobile Patienten werden die Wege l\u00e4nger.<\/p>\n\n\n\n<p>Daher setzt sich die CDU-Baden-W\u00fcrttemberg f\u00fcr Ma\u00dfnahmen ein, um zus\u00e4tzliches \u00e4rztliches Personal auszubilden und die Ausbildung und T\u00e4tigkeit als Medizinische Fachangestellte attraktiver zu gestalten. Gleichzeitig setzen wir uns daf\u00fcr ein, dass die Aufnahme neuer Patienten in eine Praxis wieder besonders belohnt wird. Au\u00dferdem sorgen wir f\u00fcr Entb\u00fcrokratisierung in den Arztpraxen und setzen uns f\u00fcr politische Ma\u00dfnahmen ein, die Gr\u00fcndung einer Selbstst\u00e4ndigkeit durch junge \u00c4rztinnen und \u00c4rzte finanziell abzusichern.<\/p>\n\n\n\n<p>Die CDU Baden-W\u00fcrttemberg steht f\u00fcr einen gesunden und ma\u00dfvollen Ausgleich zwischen Stadt und Land-Gebieten bei der Gesundheitsversorgung und dr\u00e4ngt darauf, dies in der finanziellen Verg\u00fctung zu ber\u00fccksichtigen. Zudem sorgen wir f\u00fcr eine bessere Verteilung der \u00e4rztlichen Versorgung &#8211; etwa durch eine Neuregelung der Bedarfsplanung unter st\u00e4rkerer Ber\u00fccksichtigung unterversorgter Kommunen.<\/p>\n\n\n\n<h2 class=\"wp-block-heading\">Begr\u00fcndung<\/h2>\n\n\n\n<p>Der Ausgleichsmechanismus zielt darauf ab, die Ansiedlung junger \u00c4rzte und Apotheker auf dem Land durch diese Ma\u00dfnahme attraktiver zu machen. Daher sollte bei der F\u00f6rderung ein besonderes Augenmerk auf Aus- und Weiterbildung in Gebieten des l\u00e4ndlichen Raums liegen.<\/p>\n\n\n\n<p>\u00c4rzte und Apotheken in Ballungsgebieten, die sich in der oberen H\u00e4lfte der Verteilung der \u00c4rzte- und Apothekendichte befinden, werden an der Finanzierung des Ausgleichmechanismus dauerhaft beteiligt \u00fcber eine Umlage.<\/p>\n\n\n\n<p>Beides &#8211; die F\u00f6rderung und die Umlage &#8211; soll die Konvergenz der \u00c4rzte- und Apothekerdichte bef\u00f6rdern.<\/p>\n","protected":false},"featured_media":0,"template":"","antragstyp":[17],"class_list":["post-1338","antrag","type-antrag","status-publish","hentry","antragstyp-landesparteitagsantraege"],"acf":[],"_links":{"self":[{"href":"https:\/\/cdu-sha.de\/cdu-wallhausen\/wp-json\/wp\/v2\/antrag\/1338","targetHints":{"allow":["GET"]}}],"collection":[{"href":"https:\/\/cdu-sha.de\/cdu-wallhausen\/wp-json\/wp\/v2\/antrag"}],"about":[{"href":"https:\/\/cdu-sha.de\/cdu-wallhausen\/wp-json\/wp\/v2\/types\/antrag"}],"wp:attachment":[{"href":"https:\/\/cdu-sha.de\/cdu-wallhausen\/wp-json\/wp\/v2\/media?parent=1338"}],"wp:term":[{"taxonomy":"antragstyp","embeddable":true,"href":"https:\/\/cdu-sha.de\/cdu-wallhausen\/wp-json\/wp\/v2\/antragstyp?post=1338"}],"curies":[{"name":"wp","href":"https:\/\/api.w.org\/{rel}","templated":true}]}}